{"id":111234,"date":"2022-11-21T18:28:37","date_gmt":"2022-11-21T21:28:37","guid":{"rendered":"http:\/\/highline.com.br\/?page_id=111234"},"modified":"2025-05-22T17:15:11","modified_gmt":"2025-05-22T20:15:11","slug":"highline-na-midia","status":"publish","type":"page","link":"https:\/\/highline.com.br\/en\/highline-na-midia\/","title":{"rendered":"Highline in the Media"},"content":{"rendered":"<div class=\"wpb-content-wrapper\"><div data-parent=\"true\" class=\"vc_row has-bg need-focus style-3C3C3B-bg row-container\" id=\"row-unique-0\"><div class=\"row-background background-element\" style=\"opacity: 1;\">\n\t\t\t\t\t\t\t\t\t\t\t<div class=\"background-wrapper\">\n\t\t\t\t\t\t\t\t\t\t\t\t<div class=\"background-inner\"><\/div>\n\t\t\t\t\t\t\t\t\t\t\t\t<div class=\"block-bg-overlay style-color-wayh-bg\" style=\"opacity: 0.35;\"><\/div>\n\t\t\t\t\t\t\t\t\t\t\t<\/div>\n\t\t\t\t\t\t\t\t\t\t<\/div><div class=\"row one-top-padding one-bottom-padding single-h-padding limit-width row-parent\" data-height-ratio=\"28\"><div class=\"wpb_row row-inner\"><div class=\"wpb_column pos-middle pos-center align_center column_parent col-lg-12 one-internal-gutter\"><div class=\"uncol style-spec style-dark\"  ><div class=\"uncoltable\"><div class=\"uncell\" ><div class=\"uncont no-block-padding col-custom-width\" style=\" max-width:1104px;\" ><div class=\"empty-space empty-single\" ><span class=\"empty-space-inner\"><\/span><\/div>\n<div class=\"vc_custom_heading_wrap\"><div class=\"heading-text el-text\" ><h1 class=\"fontsize-155944\" ><span>Highline in the Media<\/span><\/h1><\/div><div class=\"clear\"><\/div><\/div><\/div><\/div><\/div><\/div><\/div><script id=\"script-row-unique-0\" data-row=\"script-row-unique-0\" type=\"text\/javascript\" class=\"vc_controls\">UNCODE.initRow(document.getElementById(\"row-unique-0\"));<\/script><\/div><\/div><\/div><div data-parent=\"true\" class=\"vc_row row-container\" id=\"row-unique-1\"><div class=\"row col-half-gutter quad-top-padding quad-bottom-padding single-h-padding limit-width row-parent\"><div class=\"wpb_row row-inner\"><div class=\"wpb_column pos-top pos-center align_left column_parent col-lg-12 double-internal-gutter\"><div class=\"uncol style-light\"  ><div class=\"uncoltable\"><div class=\"uncell no-block-padding\" ><div class=\"uncont\" ><div id=\"index-731573045\" class=\"isotope-system isotope-general-light grid-general-light\" >\n\t\t\t\t\t\n\t\t\t\t\t\t\t\t\t\t\t\t\t\t<div class=\"isotope-wrapper grid-wrapper single-gutter\" >\t\t\t\t\t\t\t\t\t\t\t\t<div class=\"isotope-container grid-container isotope-layout style-masonry isotope-pagination grid-pagination\" data-type=\"masonry\" data-layout=\"fitRows\" data-lg=\"1000\" data-md=\"600\" data-sm=\"480\" data-vp-height=\"\">\t\t\t<div class=\"tmb atc-typography-inherit tmb-iso-w4 tmb-iso-h4 tmb-light tmb-text-showed tmb-overlay-anim tmb-content-left tmb-image-anim  grid-cat-109 tmb-id-123847 tmb-img-ratio tmb-content-under tmb-media-first tmb-no-bg\" ><div class=\"t-inside no-anim\" ><div class=\"t-entry-visual\"><div class=\"t-entry-visual-tc\"><div class=\"t-entry-visual-cont\"><div class=\"dummy\" style=\"padding-top: 66.6%;\"><\/div><a role=\"button\" tabindex=\"-1\" href=\"https:\/\/highline.com.br\/en\/highline-compra-cerca-de-100-sites-da-global-sites\/\" class=\"pushed\" target=\"_self\" data-lb-index=\"0\"><div class=\"t-entry-visual-overlay\"><div class=\"t-entry-visual-overlay-in style-color-wayh-bg\" style=\"opacity: 0.5;\"><\/div><\/div><img fetchpriority=\"high\" decoding=\"async\" class=\"wp-image-123845\" src=\"https:\/\/highline.com.br\/wp-content\/uploads\/2025\/03\/4a2cf52d-4ac7-4bff-a7a8-4d131ac7d1f2-uai-800x533.jpeg\" width=\"800\" height=\"533\" alt=\"\" \/><\/a><\/div>\n\t\t\t\t\t<\/div>\n\t\t\t\t<\/div><div class=\"t-entry-text\">\n\t\t\t\t\t\t\t\t\t<div class=\"t-entry-text-tc single-block-padding\"><div class=\"t-entry\"><p class=\"t-entry-meta\"><span class=\"t-entry-date\">7 de March de 2025<\/span><\/p><h3 class=\"t-entry-title h2 title-scale\"><a href=\"https:\/\/highline.com.br\/en\/highline-compra-cerca-de-100-sites-da-global-sites\/\" target=\"_self\">Highline compra cerca de 100 sites da Global Sites<\/a><\/h3><p>Adquirimos cerca de 100 sites da Global Sites distribu\u00eddos em diferentes regi\u00f5es do pa\u00eds.\n\"Essa aquisi\u00e7\u00e3o est\u00e1 alinhada \u00e0 estrat\u00e9gia de apoiar nossos clientes, as operadoras de telecomunica\u00e7\u00f5es, na expans\u00e3o e\u2026<\/p><div class=\"spacer spacer-one single-space\"><\/div><\/div><\/div>\n\t\t\t\t\t\t\t<\/div><\/div><\/div><div class=\"tmb atc-typography-inherit tmb-iso-w4 tmb-iso-h4 tmb-light tmb-text-showed tmb-overlay-anim tmb-content-left tmb-image-anim  grid-cat-109 tmb-id-151576 tmb-img-ratio tmb-content-under tmb-media-first tmb-no-bg\" ><div class=\"t-inside no-anim\" ><div class=\"t-entry-visual\"><div class=\"t-entry-visual-tc\"><div class=\"t-entry-visual-cont\"><div class=\"dummy\" style=\"padding-top: 66.7%;\"><\/div><a role=\"button\" tabindex=\"-1\" href=\"https:\/\/highline.com.br\/en\/highline-tera-r-65-milhoes-do-fust-para-infraestrutura-movel\/\" class=\"pushed\" target=\"_self\" data-lb-index=\"1\"><div class=\"t-entry-visual-overlay\"><div class=\"t-entry-visual-overlay-in style-color-wayh-bg\" style=\"opacity: 0.5;\"><\/div><\/div><img decoding=\"async\" class=\"wp-image-151578\" src=\"https:\/\/highline.com.br\/wp-content\/uploads\/2026\/01\/brazil-3547283_1920-1392x1044-1-uai-1392x928.webp\" width=\"1392\" height=\"928\" alt=\"\" \/><\/a><\/div>\n\t\t\t\t\t<\/div>\n\t\t\t\t<\/div><div class=\"t-entry-text\">\n\t\t\t\t\t\t\t\t\t<div class=\"t-entry-text-tc single-block-padding\"><div class=\"t-entry\"><p class=\"t-entry-meta\"><span class=\"t-entry-date\">7 de October de 2024<\/span><\/p><h3 class=\"t-entry-title h2 title-scale\"><a href=\"https:\/\/highline.com.br\/en\/highline-tera-r-65-milhoes-do-fust-para-infraestrutura-movel\/\" target=\"_self\">Highline ter\u00e1 R$ 65 milh\u00f5es do Fust para infraestrutura m\u00f3vel<\/a><\/h3><p>O Banco Nacional de Desenvolvimento Econ\u00f4mico e Social (BNDES) aprovou um financiamento de R$ 65 milh\u00f5es para a Highline realizar expans\u00e3o de cobertura m\u00f3vel a partir de recursos do Fust, com destaque para favelas. O\u2026<\/p><div class=\"spacer spacer-one single-space\"><\/div><\/div><\/div>\n\t\t\t\t\t\t\t<\/div><\/div><\/div><div class=\"tmb atc-typography-inherit tmb-iso-w4 tmb-iso-h4 tmb-light tmb-text-showed tmb-overlay-anim tmb-content-left tmb-image-anim  grid-cat-109 tmb-id-114483 tmb-img-ratio tmb-content-under tmb-media-first tmb-no-bg\" ><div class=\"t-inside no-anim\" ><div class=\"t-entry-visual\"><div class=\"t-entry-visual-tc\"><div class=\"t-entry-visual-cont\"><div class=\"dummy\" style=\"padding-top: 66.7%;\"><\/div><a role=\"button\" tabindex=\"-1\" href=\"https:\/\/highline.com.br\/en\/comba-e-highline-atualizam-infra-de-telecom-movel-de-viracopos\/\" class=\"pushed\" target=\"_self\" data-lb-index=\"2\"><div class=\"t-entry-visual-overlay\"><div class=\"t-entry-visual-overlay-in style-color-wayh-bg\" style=\"opacity: 0.5;\"><\/div><\/div><img decoding=\"async\" class=\"wp-image-114484\" src=\"https:\/\/highline.com.br\/wp-content\/uploads\/2024\/03\/aeroporto-anac-aviao-credito-freepik-uai-900x600.jpg\" width=\"900\" height=\"600\" alt=\"\" \/><\/a><\/div>\n\t\t\t\t\t<\/div>\n\t\t\t\t<\/div><div class=\"t-entry-text\">\n\t\t\t\t\t\t\t\t\t<div class=\"t-entry-text-tc single-block-padding\"><div class=\"t-entry\"><p class=\"t-entry-meta\"><span class=\"t-entry-date\">20 de March de 2024<\/span><\/p><h3 class=\"t-entry-title h2 title-scale\"><a href=\"https:\/\/highline.com.br\/en\/comba-e-highline-atualizam-infra-de-telecom-movel-de-viracopos\/\" target=\"_self\">Comba e Highline atualizam infra de telecom m\u00f3vel de Viracopos<\/a><\/h3><p>A Highline e a Comba desenvolveram um projeto de moderniza\u00e7\u00e3o da rede celular do Aeroporto Internacional de Viracopos, que cobre uma \u00e1rea de aproximadamente 178 mil m\u00b2. O objetivo foi melhorar a experi\u00eancia de\u2026<\/p><div class=\"spacer spacer-one single-space\"><\/div><\/div><\/div>\n\t\t\t\t\t\t\t<\/div><\/div><\/div><div class=\"tmb atc-typography-inherit tmb-iso-w4 tmb-iso-h4 tmb-light tmb-text-showed tmb-overlay-anim tmb-content-left tmb-image-anim  grid-cat-109 tmb-id-113994 tmb-img-ratio tmb-content-under tmb-media-first tmb-no-bg\" ><div class=\"t-inside no-anim\" ><div class=\"t-entry-visual\"><div class=\"t-entry-visual-tc\"><div class=\"t-entry-visual-cont\"><div class=\"dummy\" style=\"padding-top: 66.7%;\"><\/div><a role=\"button\" tabindex=\"-1\" href=\"https:\/\/highline.com.br\/en\/highline-constroi-infraestrutura-de-rede-4g-em-rodovias-do-ms\/\" class=\"pushed\" target=\"_self\" data-lb-index=\"3\"><div class=\"t-entry-visual-overlay\"><div class=\"t-entry-visual-overlay-in style-color-wayh-bg\" style=\"opacity: 0.5;\"><\/div><\/div><img loading=\"lazy\" decoding=\"async\" class=\"wp-image-113995\" src=\"https:\/\/highline.com.br\/wp-content\/uploads\/2024\/02\/Way-112-uai-900x600.jpg\" width=\"900\" height=\"600\" alt=\"\" \/><\/a><\/div>\n\t\t\t\t\t<\/div>\n\t\t\t\t<\/div><div class=\"t-entry-text\">\n\t\t\t\t\t\t\t\t\t<div class=\"t-entry-text-tc single-block-padding\"><div class=\"t-entry\"><p class=\"t-entry-meta\"><span class=\"t-entry-date\">16 de February de 2024<\/span><\/p><h3 class=\"t-entry-title h2 title-scale\"><a href=\"https:\/\/highline.com.br\/en\/highline-constroi-infraestrutura-de-rede-4g-em-rodovias-do-ms\/\" target=\"_self\">Highline constr\u00f3i infraestrutura de rede 4G em rodovias do MS<\/a><\/h3><p>A Highline em parceria com a TIM desenvolveu a infraestrutura de servi\u00e7o 4G em toda a extens\u00e3o das rodovias sob concess\u00e3o da Concession\u00e1ria Way-112. O projeto abrange 412 quil\u00f4metros de rodovias no estado do Mato Grosso\u2026<\/p><div class=\"spacer spacer-one single-space\"><\/div><\/div><\/div>\n\t\t\t\t\t\t\t<\/div><\/div><\/div><div class=\"tmb atc-typography-inherit tmb-iso-w4 tmb-iso-h4 tmb-light tmb-text-showed tmb-overlay-anim tmb-content-left tmb-image-anim  grid-cat-109 tmb-id-113856 tmb-img-ratio tmb-content-under tmb-media-first tmb-no-bg\" ><div class=\"t-inside no-anim\" ><div class=\"t-entry-visual\"><div class=\"t-entry-visual-tc\"><div class=\"t-entry-visual-cont\"><div class=\"dummy\" style=\"padding-top: 66.6%;\"><\/div><a role=\"button\" tabindex=\"-1\" href=\"https:\/\/highline.com.br\/en\/iez-fecha-acordo-com-a-highline-e-inicia-este-ano-ativacao-do-5g\/\" class=\"pushed\" target=\"_self\" data-lb-index=\"4\"><div class=\"t-entry-visual-overlay\"><div class=\"t-entry-visual-overlay-in style-color-wayh-bg\" style=\"opacity: 0.5;\"><\/div><\/div><img loading=\"lazy\" decoding=\"async\" class=\"wp-image-113859\" src=\"https:\/\/highline.com.br\/wp-content\/uploads\/2024\/01\/294948801.jpg\" width=\"1192\" height=\"794\" alt=\"\" srcset=\"https:\/\/highline.com.br\/wp-content\/uploads\/2024\/01\/294948801.jpg 1192w, https:\/\/highline.com.br\/wp-content\/uploads\/2024\/01\/294948801-300x200.jpg 300w, https:\/\/highline.com.br\/wp-content\/uploads\/2024\/01\/294948801-1024x682.jpg 1024w, https:\/\/highline.com.br\/wp-content\/uploads\/2024\/01\/294948801-768x512.jpg 768w, https:\/\/highline.com.br\/wp-content\/uploads\/2024\/01\/294948801-350x233.jpg 350w\" sizes=\"auto, (max-width: 1192px) 100vw, 1192px\" \/><\/a><\/div>\n\t\t\t\t\t<\/div>\n\t\t\t\t<\/div><div class=\"t-entry-text\">\n\t\t\t\t\t\t\t\t\t<div class=\"t-entry-text-tc single-block-padding\"><div class=\"t-entry\"><p class=\"t-entry-meta\"><span class=\"t-entry-date\">29 de January de 2024<\/span><\/p><h3 class=\"t-entry-title h2 title-scale\"><a href=\"https:\/\/highline.com.br\/en\/iez-fecha-acordo-com-a-highline-e-inicia-este-ano-ativacao-do-5g\/\" target=\"_self\">iez! fecha acordo com a Highline e inicia este ano ativa\u00e7\u00e3o do 5G<\/a><\/h3><p>A iez! telecom, uma das vencedoras da licen\u00e7a regional de 5G para os estados do Rio de Janeiro, Minas Gerais e Esp\u00edrito Santo, escolheu a Highline como parceira para construir sua\u00a0rede 5G. A\u00a0iez! telecom firma\u2026<\/p><div class=\"spacer spacer-one single-space\"><\/div><\/div><\/div>\n\t\t\t\t\t\t\t<\/div><\/div><\/div><div class=\"tmb atc-typography-inherit tmb-iso-w4 tmb-iso-h4 tmb-light tmb-text-showed tmb-overlay-anim tmb-content-left tmb-image-anim  grid-cat-109 tmb-id-112585 tmb-img-ratio tmb-content-under tmb-media-first tmb-no-bg\" ><div class=\"t-inside no-anim\" ><div class=\"t-entry-visual\"><div class=\"t-entry-visual-tc\"><div class=\"t-entry-visual-cont\"><div class=\"dummy\" style=\"padding-top: 66.7%;\"><\/div><a role=\"button\" tabindex=\"-1\" href=\"https:\/\/highline.com.br\/en\/oi-oibr3-conclui-venda-da-spe-torres-2-a-nk-108-por-r-905-milhoes\/\" class=\"pushed\" target=\"_self\" data-lb-index=\"5\"><div class=\"t-entry-visual-overlay\"><div class=\"t-entry-visual-overlay-in style-color-wayh-bg\" style=\"opacity: 0.5;\"><\/div><\/div><img loading=\"lazy\" decoding=\"async\" class=\"wp-image-112586\" src=\"https:\/\/highline.com.br\/wp-content\/uploads\/2023\/07\/oi-recuperacao-judicial-uai-1398x932.webp\" width=\"1398\" height=\"932\" alt=\"\" \/><\/a><\/div>\n\t\t\t\t\t<\/div>\n\t\t\t\t<\/div><div class=\"t-entry-text\">\n\t\t\t\t\t\t\t\t\t<div class=\"t-entry-text-tc single-block-padding\"><div class=\"t-entry\"><p class=\"t-entry-meta\"><span class=\"t-entry-date\">July 14, 2023<\/span><\/p><h3 class=\"t-entry-title h2 title-scale\"><a href=\"https:\/\/highline.com.br\/en\/oi-oibr3-conclui-venda-da-spe-torres-2-a-nk-108-por-r-905-milhoes\/\" target=\"_self\">Oi (OIBR3) concludes sale of SPE Torres 2 to NK 108 for R$905 million<\/a><\/h3><p>Operator Oi opened its second judicial recovery process just three months after leaving the first. The telephone operator Oi (OIBR3), in judicial recovery, concluded this Wednesday (12), the sale\u2026<\/p><div class=\"spacer spacer-one single-space\"><\/div><\/div><\/div>\n\t\t\t\t\t\t\t<\/div><\/div><\/div><div class=\"tmb atc-typography-inherit tmb-iso-w4 tmb-iso-h4 tmb-light tmb-text-showed tmb-overlay-anim tmb-content-left tmb-image-anim  grid-cat-109 tmb-id-112582 tmb-img-ratio tmb-content-under tmb-media-first tmb-no-bg\" ><div class=\"t-inside no-anim\" ><div class=\"t-entry-visual\"><div class=\"t-entry-visual-tc\"><div class=\"t-entry-visual-cont\"><div class=\"dummy\" style=\"padding-top: 66.7%;\"><\/div><a role=\"button\" tabindex=\"-1\" href=\"https:\/\/highline.com.br\/en\/oi-recebe-r-905-milhoes-e-conclui-venda-de-8-mil-torres-de-rede-fixa-a-highline\/\" class=\"pushed\" target=\"_self\" data-lb-index=\"6\"><div class=\"t-entry-visual-overlay\"><div class=\"t-entry-visual-overlay-in style-color-wayh-bg\" style=\"opacity: 0.5;\"><\/div><\/div><img loading=\"lazy\" decoding=\"async\" class=\"wp-image-112583\" src=\"https:\/\/highline.com.br\/wp-content\/uploads\/2023\/07\/torre-telecom-infraestrutura-freepik-2023-uai-900x600.jpg\" width=\"900\" height=\"600\" alt=\"\" \/><\/a><\/div>\n\t\t\t\t\t<\/div>\n\t\t\t\t<\/div><div class=\"t-entry-text\">\n\t\t\t\t\t\t\t\t\t<div class=\"t-entry-text-tc single-block-padding\"><div class=\"t-entry\"><p class=\"t-entry-meta\"><span class=\"t-entry-date\">July 14, 2023<\/span><\/p><h3 class=\"t-entry-title h2 title-scale\"><a href=\"https:\/\/highline.com.br\/en\/oi-recebe-r-905-milhoes-e-conclui-venda-de-8-mil-torres-de-rede-fixa-a-highline\/\" target=\"_self\">Oi receives R$ 905 million and concludes the sale of 8,000 fixed network towers to Highline<\/a><\/h3><p>Closed during the first judicial recovery, the deal involves the sale of reversible and non-reversible towers to NK 108, an affiliate of Highline Brasil Under the proposal, Oi should become the lessee of the sold towers\u2026<\/p><div class=\"spacer spacer-one single-space\"><\/div><\/div><\/div>\n\t\t\t\t\t\t\t<\/div><\/div><\/div><div class=\"tmb atc-typography-inherit tmb-iso-w4 tmb-iso-h4 tmb-light tmb-text-showed tmb-overlay-anim tmb-content-left tmb-image-anim  grid-cat-109 tmb-id-111757 tmb-img-ratio tmb-content-under tmb-media-first tmb-no-bg\" ><div class=\"t-inside no-anim\" ><div class=\"t-entry-visual\"><div class=\"t-entry-visual-tc\"><div class=\"t-entry-visual-cont\"><div class=\"dummy\" style=\"padding-top: 66.7%;\"><\/div><a role=\"button\" tabindex=\"-1\" href=\"https:\/\/highline.com.br\/en\/highline-lidera-duas-das-cinco-maiores-aquisicoes-no-mercado-de-telecomunicacoes-em-2020\/\" class=\"pushed\" target=\"_self\" data-lb-index=\"7\"><div class=\"t-entry-visual-overlay\"><div class=\"t-entry-visual-overlay-in style-color-wayh-bg\" style=\"opacity: 0.5;\"><\/div><\/div><img loading=\"lazy\" decoding=\"async\" class=\"wp-image-111744\" src=\"https:\/\/highline.com.br\/wp-content\/uploads\/2020\/03\/6-Imprensa_Banner-1-ok9aa0t9h127xaqidhqsuyuajeg4ijiy6du5mb4lfs-uai-750x500.jpeg\" width=\"750\" height=\"500\" alt=\"\" \/><\/a><\/div>\n\t\t\t\t\t<\/div>\n\t\t\t\t<\/div><div class=\"t-entry-text\">\n\t\t\t\t\t\t\t\t\t<div class=\"t-entry-text-tc single-block-padding\"><div class=\"t-entry\"><p class=\"t-entry-meta\"><span class=\"t-entry-date\">June 21, 2021<\/span><\/p><h3 class=\"t-entry-title h2 title-scale\"><a href=\"https:\/\/highline.com.br\/en\/highline-lidera-duas-das-cinco-maiores-aquisicoes-no-mercado-de-telecomunicacoes-em-2020\/\" target=\"_self\">Highline leads two of the five largest acquisitions in the telecommunications market in 2020<\/a><\/h3><p>Forbes listed the five biggest acquisitions in the Brazilian telecommunications sector in 2020, the busiest year in the last decade for mergers and acquisitions in this market. Last year, Highline, with support from Digital\u2026<\/p><div class=\"spacer spacer-one single-space\"><\/div><\/div><\/div>\n\t\t\t\t\t\t\t<\/div><\/div><\/div><div class=\"tmb atc-typography-inherit tmb-iso-w4 tmb-iso-h4 tmb-light tmb-text-showed tmb-overlay-anim tmb-content-left tmb-image-anim  grid-cat-109 tmb-id-111755 tmb-img-ratio tmb-content-under tmb-media-first tmb-no-bg\" ><div class=\"t-inside no-anim\" ><div class=\"t-entry-visual\"><div class=\"t-entry-visual-tc\"><div class=\"t-entry-visual-cont\"><div class=\"dummy\" style=\"padding-top: 66.7%;\"><\/div><a role=\"button\" tabindex=\"-1\" href=\"https:\/\/highline.com.br\/en\/tim-e-highline-implantam-biosite-em-ouro-preto\/\" class=\"pushed\" target=\"_self\" data-lb-index=\"8\"><div class=\"t-entry-visual-overlay\"><div class=\"t-entry-visual-overlay-in style-color-wayh-bg\" style=\"opacity: 0.5;\"><\/div><\/div><img loading=\"lazy\" decoding=\"async\" class=\"wp-image-111742\" src=\"https:\/\/highline.com.br\/wp-content\/uploads\/2020\/03\/5-Fotos-Biosite-Ouro-Preto-6446-scaled-p8fam33i9pgcwli61xi2qog1wmfaeonsfy4yc63ix4-uai-750x500.jpeg\" width=\"750\" height=\"500\" alt=\"\" \/><\/a><\/div>\n\t\t\t\t\t<\/div>\n\t\t\t\t<\/div><div class=\"t-entry-text\">\n\t\t\t\t\t\t\t\t\t<div class=\"t-entry-text-tc single-block-padding\"><div class=\"t-entry\"><p class=\"t-entry-meta\"><span class=\"t-entry-date\">June 9, 2021<\/span><\/p><h3 class=\"t-entry-title h2 title-scale\"><a href=\"https:\/\/highline.com.br\/en\/tim-e-highline-implantam-biosite-em-ouro-preto\/\" target=\"_self\">TIM and Highline implement Biosite in Ouro Preto<\/a><\/h3><p>TIM and Highline implement a Biosite in the historic municipality of Ouro Preto. A cell phone antenna that looks like a pole. The equipment reinforces and expands voice and data coverage. \u201cThis Biosite, implemented\u2026<\/p><div class=\"spacer spacer-one single-space\"><\/div><\/div><\/div>\n\t\t\t\t\t\t\t<\/div><\/div><\/div><div class=\"tmb atc-typography-inherit tmb-iso-w4 tmb-iso-h4 tmb-light tmb-text-showed tmb-overlay-anim tmb-content-left tmb-image-anim  grid-cat-109 tmb-id-111753 tmb-img-ratio tmb-content-under tmb-media-first tmb-no-bg\" ><div class=\"t-inside no-anim\" ><div class=\"t-entry-visual\"><div class=\"t-entry-visual-tc\"><div class=\"t-entry-visual-cont\"><div class=\"dummy\" style=\"padding-top: 66.7%;\"><\/div><a role=\"button\" tabindex=\"-1\" href=\"https:\/\/highline.com.br\/en\/highline-apoia-plano-da-tim-de-levar-4g-ate-locais-onde-nao-ha-energia\/\" class=\"pushed\" target=\"_self\" data-lb-index=\"9\"><div class=\"t-entry-visual-overlay\"><div class=\"t-entry-visual-overlay-in style-color-wayh-bg\" style=\"opacity: 0.5;\"><\/div><\/div><img loading=\"lazy\" decoding=\"async\" class=\"wp-image-111741\" src=\"https:\/\/highline.com.br\/wp-content\/uploads\/2020\/03\/4-General-Salgado_4-p7bj0mukpykh6qj0kl0inz43e3yna0jup8x89h6v7s-uai-750x500.jpeg\" width=\"750\" height=\"500\" alt=\"\" \/><\/a><\/div>\n\t\t\t\t\t<\/div>\n\t\t\t\t<\/div><div class=\"t-entry-text\">\n\t\t\t\t\t\t\t\t\t<div class=\"t-entry-text-tc single-block-padding\"><div class=\"t-entry\"><p class=\"t-entry-meta\"><span class=\"t-entry-date\">17 de May de 2021<\/span><\/p><h3 class=\"t-entry-title h2 title-scale\"><a href=\"https:\/\/highline.com.br\/en\/highline-apoia-plano-da-tim-de-levar-4g-ate-locais-onde-nao-ha-energia\/\" target=\"_self\">Highline apoia plano da TIM de levar 4G at\u00e9 locais onde n\u00e3o h\u00e1 energia<\/a><\/h3><p>Recentemente, a TIM ativou os dois primeiros sites off-grid constru\u00eddos pela Highline \u2013 em Presidente Bernardes e entre as cidades de Presidente Prudente e Presidente Venceslau. Esse fornecimento faz parte do projeto da\u2026<\/p><div class=\"spacer spacer-one single-space\"><\/div><\/div><\/div>\n\t\t\t\t\t\t\t<\/div><\/div><\/div><div class=\"tmb atc-typography-inherit tmb-iso-w4 tmb-iso-h4 tmb-light tmb-text-showed tmb-overlay-anim tmb-content-left tmb-image-anim  grid-cat-109 tmb-id-111751 tmb-img-ratio tmb-content-under tmb-media-first tmb-no-bg\" ><div class=\"t-inside no-anim\" ><div class=\"t-entry-visual\"><div class=\"t-entry-visual-tc\"><div class=\"t-entry-visual-cont\"><div class=\"dummy\" style=\"padding-top: 66.7%;\"><\/div><a role=\"button\" tabindex=\"-1\" href=\"https:\/\/highline.com.br\/en\/parceria-entre-tim-e-highline-leva-4g-a-regioes-de-dificil-acesso-utilizando-energia-solar-para-conectar-antena\/\" class=\"pushed\" target=\"_self\" data-lb-index=\"10\"><div class=\"t-entry-visual-overlay\"><div class=\"t-entry-visual-overlay-in style-color-wayh-bg\" style=\"opacity: 0.5;\"><\/div><\/div><img loading=\"lazy\" decoding=\"async\" class=\"wp-image-110797\" src=\"https:\/\/highline.com.br\/wp-content\/uploads\/2022\/09\/telecommunication-radio-antenna-towers-mount-wils-2021-08-30-08-08-49-utc.jpeg\" width=\"1200\" height=\"800\" alt=\"\" srcset=\"https:\/\/highline.com.br\/wp-content\/uploads\/2022\/09\/telecommunication-radio-antenna-towers-mount-wils-2021-08-30-08-08-49-utc.jpeg 1200w, https:\/\/highline.com.br\/wp-content\/uploads\/2022\/09\/telecommunication-radio-antenna-towers-mount-wils-2021-08-30-08-08-49-utc-300x200.jpeg 300w, https:\/\/highline.com.br\/wp-content\/uploads\/2022\/09\/telecommunication-radio-antenna-towers-mount-wils-2021-08-30-08-08-49-utc-1024x683.jpeg 1024w, https:\/\/highline.com.br\/wp-content\/uploads\/2022\/09\/telecommunication-radio-antenna-towers-mount-wils-2021-08-30-08-08-49-utc-768x512.jpeg 768w\" sizes=\"auto, (max-width: 1200px) 100vw, 1200px\" \/><\/a><\/div>\n\t\t\t\t\t<\/div>\n\t\t\t\t<\/div><div class=\"t-entry-text\">\n\t\t\t\t\t\t\t\t\t<div class=\"t-entry-text-tc single-block-padding\"><div class=\"t-entry\"><p class=\"t-entry-meta\"><span class=\"t-entry-date\">15 de April de 2021<\/span><\/p><h3 class=\"t-entry-title h2 title-scale\"><a href=\"https:\/\/highline.com.br\/en\/parceria-entre-tim-e-highline-leva-4g-a-regioes-de-dificil-acesso-utilizando-energia-solar-para-conectar-antena\/\" target=\"_self\">Parceria entre TIM e Highline leva 4G a regi\u00f5es de dif\u00edcil acesso utilizando energia solar para conectar antena<\/a><\/h3><p>A TIM ativa os dois primeiros sites off-grid fornecidos pela Highline. Um em Presidente Bernardes que fornece cobertura 4G para parte da BR 374 (Rodovia Castelo Branco) e no trecho entre as cidades de Presidente\u2026<\/p><div class=\"spacer spacer-one single-space\"><\/div><\/div><\/div>\n\t\t\t\t\t\t\t<\/div><\/div><\/div><div class=\"tmb atc-typography-inherit tmb-iso-w4 tmb-iso-h4 tmb-light tmb-text-showed tmb-overlay-anim tmb-content-left tmb-image-anim  grid-cat-109 tmb-id-111748 tmb-img-ratio tmb-content-under tmb-media-first tmb-no-bg\" ><div class=\"t-inside no-anim\" ><div class=\"t-entry-visual\"><div class=\"t-entry-visual-tc\"><div class=\"t-entry-visual-cont\"><div class=\"dummy\" style=\"padding-top: 66.7%;\"><\/div><a role=\"button\" tabindex=\"-1\" href=\"https:\/\/highline.com.br\/en\/highline-conclui-aquisicao-de-mais-850-sites-sendo-633-outdoor-e-217-indoor\/\" class=\"pushed\" target=\"_self\" data-lb-index=\"11\"><div class=\"t-entry-visual-overlay\"><div class=\"t-entry-visual-overlay-in style-color-wayh-bg\" style=\"opacity: 0.5;\"><\/div><\/div><img loading=\"lazy\" decoding=\"async\" class=\"wp-image-111738\" src=\"https:\/\/highline.com.br\/wp-content\/uploads\/2020\/03\/1-torre1-scaled-oz1fm491yh7s6d5pg3bum4vp65wkm96h6q5fipar2g-uai-750x500.jpeg\" width=\"750\" height=\"500\" alt=\"\" \/><\/a><\/div>\n\t\t\t\t\t<\/div>\n\t\t\t\t<\/div><div class=\"t-entry-text\">\n\t\t\t\t\t\t\t\t\t<div class=\"t-entry-text-tc single-block-padding\"><div class=\"t-entry\"><p class=\"t-entry-meta\"><span class=\"t-entry-date\">1 de April de 2021<\/span><\/p><h3 class=\"t-entry-title h2 title-scale\"><a href=\"https:\/\/highline.com.br\/en\/highline-conclui-aquisicao-de-mais-850-sites-sendo-633-outdoor-e-217-indoor\/\" target=\"_self\">Highline conclui aquisi\u00e7\u00e3o de mais 850 sites, sendo 633 Outdoor e 217 Indoor<\/a><\/h3><p>A Highline concluiu a aquisi\u00e7\u00e3o da UPI Torres da Oi, totalizando 850 sites que s\u00e3o compostos por 633 torres externas e rooftops e 217 sites indoor. O processo se deu por um leil\u00e3o p\u00fablico no valor de R$ 1.077 bilh\u00e3o.\u2026<\/p><div class=\"spacer spacer-one single-space\"><\/div><\/div><\/div>\n\t\t\t\t\t\t\t<\/div><\/div><\/div><div class=\"tmb atc-typography-inherit tmb-iso-w4 tmb-iso-h4 tmb-light tmb-text-showed tmb-overlay-anim tmb-content-left tmb-image-anim  grid-cat-109 tmb-id-20520 tmb-img-ratio tmb-content-under tmb-media-first tmb-no-bg\" ><div class=\"t-inside no-anim\" ><div class=\"t-entry-visual\"><div class=\"t-entry-visual-tc\"><div class=\"t-entry-visual-cont\"><div class=\"dummy\" style=\"padding-top: 66.7%;\"><\/div><a role=\"button\" tabindex=\"-1\" href=\"https:\/\/highline.com.br\/en\/torres-moveis-da-oi-agora-sao-parte-do-portfolio-da-highline\/\" class=\"pushed\" target=\"_self\" data-lb-index=\"12\"><div class=\"t-entry-visual-overlay\"><div class=\"t-entry-visual-overlay-in style-color-wayh-bg\" style=\"opacity: 0.5;\"><\/div><\/div><img loading=\"lazy\" decoding=\"async\" class=\"wp-image-111641\" src=\"https:\/\/highline.com.br\/wp-content\/uploads\/2022\/10\/highline-solucoes-greenfield-autoportante_0023_BA4-SDR-002.jpg\" width=\"960\" height=\"640\" alt=\"\" srcset=\"https:\/\/highline.com.br\/wp-content\/uploads\/2022\/10\/highline-solucoes-greenfield-autoportante_0023_BA4-SDR-002.jpg 960w, https:\/\/highline.com.br\/wp-content\/uploads\/2022\/10\/highline-solucoes-greenfield-autoportante_0023_BA4-SDR-002-300x200.jpg 300w, https:\/\/highline.com.br\/wp-content\/uploads\/2022\/10\/highline-solucoes-greenfield-autoportante_0023_BA4-SDR-002-768x512.jpg 768w, https:\/\/highline.com.br\/wp-content\/uploads\/2022\/10\/highline-solucoes-greenfield-autoportante_0023_BA4-SDR-002-350x233.jpg 350w\" sizes=\"auto, (max-width: 960px) 100vw, 960px\" \/><\/a><\/div>\n\t\t\t\t\t<\/div>\n\t\t\t\t<\/div><div class=\"t-entry-text\">\n\t\t\t\t\t\t\t\t\t<div class=\"t-entry-text-tc single-block-padding\"><div class=\"t-entry\"><p class=\"t-entry-meta\"><span class=\"t-entry-date\">27 de November de 2020<\/span><\/p><h3 class=\"t-entry-title h2 title-scale\"><a href=\"https:\/\/highline.com.br\/en\/torres-moveis-da-oi-agora-sao-parte-do-portfolio-da-highline\/\" target=\"_self\">Torres m\u00f3veis da Oi agora s\u00e3o parte do portf\u00f3lio da Highline<\/a><\/h3><p>Vencemos o leil\u00e3o judicial pelas torres de telefonia m\u00f3vel da Oi nesta quinta feira (26\/11). Com uma proposta no valor de R$ 1,067 bilh\u00e3o, a Highline agora integra ao seu portf\u00f3lio as torres m\u00f3veis (UPIs) da operadora.\u2026<\/p><div class=\"spacer spacer-one single-space\"><\/div><\/div><\/div>\n\t\t\t\t\t\t\t<\/div><\/div><\/div>\t\t<\/div>\t\n\t\n\n\t<\/div>\t\t\t\t<\/div>\n<\/div><\/div><\/div><\/div><\/div><script id=\"script-row-unique-1\" data-row=\"script-row-unique-1\" type=\"text\/javascript\" class=\"vc_controls\">UNCODE.initRow(document.getElementById(\"row-unique-1\"));<\/script><\/div><\/div><\/div>\n<\/div>","protected":false},"excerpt":{"rendered":"Vencemos o leil\u00e3o judicial pelas torres de telefonia m\u00f3vel da Oi nesta quinta feira (26\/11). Com uma proposta no valor [...]","protected":false},"author":1,"featured_media":0,"parent":0,"menu_order":0,"comment_status":"closed","ping_status":"closed","template":"","meta":{"footnotes":""},"class_list":["post-111234","page","type-page","status-publish","hentry"],"_links":{"self":[{"href":"https:\/\/highline.com.br\/en\/wp-json\/wp\/v2\/pages\/111234","targetHints":{"allow":["GET"]}}],"collection":[{"href":"https:\/\/highline.com.br\/en\/wp-json\/wp\/v2\/pages"}],"about":[{"href":"https:\/\/highline.com.br\/en\/wp-json\/wp\/v2\/types\/page"}],"author":[{"embeddable":true,"href":"https:\/\/highline.com.br\/en\/wp-json\/wp\/v2\/users\/1"}],"replies":[{"embeddable":true,"href":"https:\/\/highline.com.br\/en\/wp-json\/wp\/v2\/comments?post=111234"}],"version-history":[{"count":18,"href":"https:\/\/highline.com.br\/en\/wp-json\/wp\/v2\/pages\/111234\/revisions"}],"predecessor-version":[{"id":148535,"href":"https:\/\/highline.com.br\/en\/wp-json\/wp\/v2\/pages\/111234\/revisions\/148535"}],"wp:attachment":[{"href":"https:\/\/highline.com.br\/en\/wp-json\/wp\/v2\/media?parent=111234"}],"curies":[{"name":"wp","href":"https:\/\/api.w.org\/{rel}","templated":true}]}}